{"id":22703,"date":"2025-12-23T17:00:20","date_gmt":"2025-12-23T16:00:20","guid":{"rendered":"https:\/\/www.soralia.be\/accueil\/?post_type=tribe_events&#038;p=22703"},"modified":"2025-12-23T17:00:20","modified_gmt":"2025-12-23T16:00:20","slug":"atelier-creatif-feministe-5","status":"publish","type":"tribe_events","link":"https:\/\/www.soralia.be\/accueil\/event\/atelier-creatif-feministe-5\/","title":{"rendered":"Atelier cr\u00e9atif f\u00e9ministe"},"content":{"rendered":"<p><img decoding=\"async\" class=\"alignnone wp-image-22696\" src=\"https:\/\/www.soralia.be\/wp-content\/uploads\/2025\/12\/Illustration-Ateliers-creatifs-feministes-212x300.png\" alt=\"\" width=\"401\" height=\"567\" srcset=\"https:\/\/www.soralia.be\/wp-content\/uploads\/2025\/12\/Illustration-Ateliers-creatifs-feministes-200x283.png 200w, https:\/\/www.soralia.be\/wp-content\/uploads\/2025\/12\/Illustration-Ateliers-creatifs-feministes-212x300.png 212w, https:\/\/www.soralia.be\/wp-content\/uploads\/2025\/12\/Illustration-Ateliers-creatifs-feministes-400x566.png 400w, https:\/\/www.soralia.be\/wp-content\/uploads\/2025\/12\/Illustration-Ateliers-creatifs-feministes-500x707.png 500w, https:\/\/www.soralia.be\/wp-content\/uploads\/2025\/12\/Illustration-Ateliers-creatifs-feministes-600x849.png 600w, https:\/\/www.soralia.be\/wp-content\/uploads\/2025\/12\/Illustration-Ateliers-creatifs-feministes-700x990.png 700w, https:\/\/www.soralia.be\/wp-content\/uploads\/2025\/12\/Illustration-Ateliers-creatifs-feministes-724x1024.png 724w, https:\/\/www.soralia.be\/wp-content\/uploads\/2025\/12\/Illustration-Ateliers-creatifs-feministes-768x1086.png 768w, https:\/\/www.soralia.be\/wp-content\/uploads\/2025\/12\/Illustration-Ateliers-creatifs-feministes-800x1132.png 800w, https:\/\/www.soralia.be\/wp-content\/uploads\/2025\/12\/Illustration-Ateliers-creatifs-feministes-1086x1536.png 1086w, https:\/\/www.soralia.be\/wp-content\/uploads\/2025\/12\/Illustration-Ateliers-creatifs-feministes-1200x1697.png 1200w, https:\/\/www.soralia.be\/wp-content\/uploads\/2025\/12\/Illustration-Ateliers-creatifs-feministes.png 1414w\" sizes=\"(max-width: 401px) 100vw, 401px\" \/><img decoding=\"async\" class=\"alignnone size-medium wp-image-22697\" src=\"https:\/\/www.soralia.be\/wp-content\/uploads\/2025\/12\/qrcode_framaforms_atelier_creatif-300x300.png\" alt=\"\" width=\"300\" height=\"300\" srcset=\"https:\/\/www.soralia.be\/wp-content\/uploads\/2025\/12\/qrcode_framaforms_atelier_creatif-66x66.png 66w, https:\/\/www.soralia.be\/wp-content\/uploads\/2025\/12\/qrcode_framaforms_atelier_creatif-150x150.png 150w, https:\/\/www.soralia.be\/wp-content\/uploads\/2025\/12\/qrcode_framaforms_atelier_creatif-200x200.png 200w, https:\/\/www.soralia.be\/wp-content\/uploads\/2025\/12\/qrcode_framaforms_atelier_creatif-300x300.png 300w, https:\/\/www.soralia.be\/wp-content\/uploads\/2025\/12\/qrcode_framaforms_atelier_creatif-400x400.png 400w, https:\/\/www.soralia.be\/wp-content\/uploads\/2025\/12\/qrcode_framaforms_atelier_creatif.png 450w\" sizes=\"(max-width: 300px) 100vw, 300px\" \/><\/p>\n<p>De nouveaux ateliers cr\u00e9atifs ont vu le jour \u00e0 Schaerbeek dans un nouveau tiers-lieu, le Marbr\u00e9 !<\/p>\n<p>Soralia, en collaboration avec <a href=\"https:\/\/www.articule.be\/\">ArtiCulE ,<\/a>\u00a0invite \u00e0 r\u00e9fl\u00e9chir collectivement \u00e0 des th\u00e8mes qui concernent l\u2019\u00e9galit\u00e9 des genres tout en mettant la main \u00e0 la p\u00e2te. Sculpture en argile, collage, peinture, cr\u00e9ation de pins, dessin, \u00e9criture, photo \u2026 que de moyens cr\u00e9atifs pour exprimer ses exp\u00e9riences, ses revendications ou m\u00eame son l\u00e2cher-prise\u00a0! Aucun niveau pr\u00e9alable est requis, nous sommes ici pour exp\u00e9rimenter diff\u00e9rentes techniques et pour passer un moment agr\u00e9able.<br \/>\nEt comme nous savons qu\u2019un moment collectif de qualit\u00e9 n\u00e9cessite un cadre de confiance, nous fonctionnons avec une charte discut\u00e9e en groupe.<\/p>\n<p>Le but est d\u2019avoir des participant.es qui se retrouvent deux fois pas mois pour pouvoir cr\u00e9er une \u0153uvre collective d\u2019ici les prochains mois.<\/p>\n<p>\ud83d\uddd3\ufe0f Date : <strong>vendredi 13 f\u00e9vrier 2026 <\/strong>entre<strong> 9h45<\/strong> et<strong> 12h<br \/>\n<\/strong><strong data-olk-copy-source=\"MessageBody\">\ud83d\udccd<\/strong>Lieu : Le Marbr\u00e9 &#8211; rue des Palais, 32 \u00e0 1030 Schaerbeek<br \/>\n\ud83d\udcb6Tarif:\u00a0<strong>gratuit<br \/>\n<\/strong>\u270d\ud83c\udffbInscription : en scannant le QR-code ou en compl\u00e9tant le formulaire en ligne suivant: <a href=\"https:\/\/framaforms.org\/inscription-ateliers-creatifs-feministes-1760958139\">Inscription ateliers cr\u00e9atifs f\u00e9ministes | Framaforms.org<\/a><\/p>\n<p><span data-olk-copy-source=\"MessageBody\">Nous esp\u00e9rons vous y retrouver nombreuses et nombreux !<\/span><\/p>\n<p>Ev\u00e9nement Facebook: <a href=\"https:\/\/www.facebook.com\/events\/1651506422483843\">Ateliers cr\u00e9atifs f\u00e9ministes | Facebook<\/a><\/p>\n<p><strong>\u00a0<\/strong><\/p>\n","protected":false},"excerpt":{"rendered":"<p>De nouveaux ateliers cr\u00e9atifs ont vu le jour \u00e0 Schaerbeek dans un nouveau tiers-lieu, le Marbr\u00e9 ! Soralia, en collaboration avec ArtiCulE ,\u00a0invite \u00e0 r\u00e9fl\u00e9chir collectivement \u00e0 des th\u00e8mes qui concernent l\u2019\u00e9galit\u00e9 des genres tout en mettant la main \u00e0 la p\u00e2te. Sculpture en argile, collage, peinture, cr\u00e9ation de pins,  [&#8230;]<\/p>\n","protected":false},"author":23,"featured_media":1068,"template":"","meta":{"_tribe_events_status":"","_tribe_events_status_reason":"","_tribe_events_is_hybrid":"","_tribe_events_is_virtual":"","_tribe_events_virtual_video_source":"","_tribe_events_virtual_embed_video":"","_tribe_events_virtual_linked_button_text":"","_tribe_events_virtual_linked_button":"","_tribe_events_virtual_show_embed_at":"","_tribe_events_virtual_show_embed_to":[],"_tribe_events_virtual_show_on_event":"","_tribe_events_virtual_show_on_views":"","_tribe_events_virtual_url":"","footnotes":""},"tags":[],"tribe_events_cat":[78,166,84,50,89],"class_list":["post-22703","tribe_events","type-tribe_events","status-publish","has-post-thumbnail","hentry","tribe_events_cat-bruxelles","tribe_events_cat-culture","tribe_events_cat-egalite-femme-homme","tribe_events_cat-general","tribe_events_cat-loisirs","cat_bruxelles","cat_culture","cat_egalite-femme-homme","cat_general","cat_loisirs"],"_links":{"self":[{"href":"https:\/\/www.soralia.be\/accueil\/wp-json\/wp\/v2\/tribe_events\/22703","targetHints":{"allow":["GET"]}}],"collection":[{"href":"https:\/\/www.soralia.be\/accueil\/wp-json\/wp\/v2\/tribe_events"}],"about":[{"href":"https:\/\/www.soralia.be\/accueil\/wp-json\/wp\/v2\/types\/tribe_events"}],"author":[{"embeddable":true,"href":"https:\/\/www.soralia.be\/accueil\/wp-json\/wp\/v2\/users\/23"}],"version-history":[{"count":1,"href":"https:\/\/www.soralia.be\/accueil\/wp-json\/wp\/v2\/tribe_events\/22703\/revisions"}],"predecessor-version":[{"id":22704,"href":"https:\/\/www.soralia.be\/accueil\/wp-json\/wp\/v2\/tribe_events\/22703\/revisions\/22704"}],"wp:featuredmedia":[{"embeddable":true,"href":"https:\/\/www.soralia.be\/accueil\/wp-json\/wp\/v2\/media\/1068"}],"wp:attachment":[{"href":"https:\/\/www.soralia.be\/accueil\/wp-json\/wp\/v2\/media?parent=22703"}],"wp:term":[{"taxonomy":"post_tag","embeddable":true,"href":"https:\/\/www.soralia.be\/accueil\/wp-json\/wp\/v2\/tags?post=22703"},{"taxonomy":"tribe_events_cat","embeddable":true,"href":"https:\/\/www.soralia.be\/accueil\/wp-json\/wp\/v2\/tribe_events_cat?post=22703"}],"curies":[{"name":"wp","href":"https:\/\/api.w.org\/{rel}","templated":true}]}}