{"id":23629,"date":"2026-04-21T10:17:13","date_gmt":"2026-04-21T08:17:13","guid":{"rendered":"https:\/\/www.soralia.be\/accueil\/?post_type=tribe_events&#038;p=23629"},"modified":"2026-04-21T10:17:13","modified_gmt":"2026-04-21T08:17:13","slug":"apres-midi-intergenerationnelle","status":"publish","type":"tribe_events","link":"https:\/\/www.soralia.be\/accueil\/event\/apres-midi-intergenerationnelle\/","title":{"rendered":"Apr\u00e8s-midi interg\u00e9n\u00e9rationnelle"},"content":{"rendered":"<p>Soralia animera un atelier interg\u00e9n\u00e9rationnel dans le cadre de la journ\u00e9e organis\u00e9e par le Plan de Coh\u00e9sion Social.\u00a0 Un moment de rencontre et de partage entre personnes de tous \u00e2ges, pour favoriser les \u00e9changes et cr\u00e9er du lien entre les g\u00e9n\u00e9rations.<\/p>\n","protected":false},"excerpt":{"rendered":"<p>Soralia animera un atelier interg\u00e9n\u00e9rationnel dans le cadre de la journ\u00e9e organis\u00e9e par le Plan de Coh\u00e9sion Social.\u00a0 Un moment de rencontre et de partage entre personnes de tous \u00e2ges, pour favoriser les \u00e9changes et cr\u00e9er du lien entre les g\u00e9n\u00e9rations.<\/p>\n","protected":false},"author":30,"featured_media":0,"template":"","meta":{"_tribe_events_status":"","_tribe_events_status_reason":"","_tribe_events_is_hybrid":"","_tribe_events_is_virtual":"","_tribe_events_virtual_video_source":"","_tribe_events_virtual_embed_video":"","_tribe_events_virtual_linked_button_text":"","_tribe_events_virtual_linked_button":"","_tribe_events_virtual_show_embed_at":"","_tribe_events_virtual_show_embed_to":[],"_tribe_events_virtual_show_on_event":"","_tribe_events_virtual_show_on_views":"","_tribe_events_virtual_url":"","footnotes":""},"tags":[],"tribe_events_cat":[52,76],"class_list":["post-23629","tribe_events","type-tribe_events","status-publish","hentry","tribe_events_cat-namur","tribe_events_cat-regional","cat_namur","cat_regional"],"_links":{"self":[{"href":"https:\/\/www.soralia.be\/accueil\/wp-json\/wp\/v2\/tribe_events\/23629","targetHints":{"allow":["GET"]}}],"collection":[{"href":"https:\/\/www.soralia.be\/accueil\/wp-json\/wp\/v2\/tribe_events"}],"about":[{"href":"https:\/\/www.soralia.be\/accueil\/wp-json\/wp\/v2\/types\/tribe_events"}],"author":[{"embeddable":true,"href":"https:\/\/www.soralia.be\/accueil\/wp-json\/wp\/v2\/users\/30"}],"version-history":[{"count":1,"href":"https:\/\/www.soralia.be\/accueil\/wp-json\/wp\/v2\/tribe_events\/23629\/revisions"}],"predecessor-version":[{"id":23632,"href":"https:\/\/www.soralia.be\/accueil\/wp-json\/wp\/v2\/tribe_events\/23629\/revisions\/23632"}],"wp:attachment":[{"href":"https:\/\/www.soralia.be\/accueil\/wp-json\/wp\/v2\/media?parent=23629"}],"wp:term":[{"taxonomy":"post_tag","embeddable":true,"href":"https:\/\/www.soralia.be\/accueil\/wp-json\/wp\/v2\/tags?post=23629"},{"taxonomy":"tribe_events_cat","embeddable":true,"href":"https:\/\/www.soralia.be\/accueil\/wp-json\/wp\/v2\/tribe_events_cat?post=23629"}],"curies":[{"name":"wp","href":"https:\/\/api.w.org\/{rel}","templated":true}]}}