{"id":24406,"date":"2026-08-31T12:27:41","date_gmt":"2026-08-31T10:27:41","guid":{"rendered":"https:\/\/www.soralia.be\/accueil\/?post_type=tribe_events&#038;p=24406"},"modified":"2026-08-31T12:27:41","modified_gmt":"2026-08-31T10:27:41","slug":"%f0%9f%93%bd%ef%b8%8f-cine-debat-%f0%9f%8e%ac","status":"publish","type":"tribe_events","link":"https:\/\/www.soralia.be\/accueil\/event\/%f0%9f%93%bd%ef%b8%8f-cine-debat-%f0%9f%8e%ac\/","title":{"rendered":"\ud83d\udcfd\ufe0f Cin\u00e9-d\u00e9bat \ud83c\udfac"},"content":{"rendered":"<p><img decoding=\"async\" class=\"alignnone  wp-image-24407\" src=\"https:\/\/www.soralia.be\/wp-content\/uploads\/2026\/08\/TDISS-gigapixel-standard-v2-2x-faceai-v2-300x169.jpeg\" alt=\"\" width=\"715\" height=\"403\" srcset=\"https:\/\/www.soralia.be\/wp-content\/uploads\/2026\/08\/TDISS-gigapixel-standard-v2-2x-faceai-v2-200x113.jpeg 200w, https:\/\/www.soralia.be\/wp-content\/uploads\/2026\/08\/TDISS-gigapixel-standard-v2-2x-faceai-v2-300x169.jpeg 300w, https:\/\/www.soralia.be\/wp-content\/uploads\/2026\/08\/TDISS-gigapixel-standard-v2-2x-faceai-v2-400x225.jpeg 400w, https:\/\/www.soralia.be\/wp-content\/uploads\/2026\/08\/TDISS-gigapixel-standard-v2-2x-faceai-v2-500x281.jpeg 500w, https:\/\/www.soralia.be\/wp-content\/uploads\/2026\/08\/TDISS-gigapixel-standard-v2-2x-faceai-v2-600x338.jpeg 600w, https:\/\/www.soralia.be\/wp-content\/uploads\/2026\/08\/TDISS-gigapixel-standard-v2-2x-faceai-v2-700x394.jpeg 700w, https:\/\/www.soralia.be\/wp-content\/uploads\/2026\/08\/TDISS-gigapixel-standard-v2-2x-faceai-v2-768x432.jpeg 768w, https:\/\/www.soralia.be\/wp-content\/uploads\/2026\/08\/TDISS-gigapixel-standard-v2-2x-faceai-v2-800x450.jpeg 800w, https:\/\/www.soralia.be\/wp-content\/uploads\/2026\/08\/TDISS-gigapixel-standard-v2-2x-faceai-v2-1024x576.jpeg 1024w, https:\/\/www.soralia.be\/wp-content\/uploads\/2026\/08\/TDISS-gigapixel-standard-v2-2x-faceai-v2-1200x675.jpeg 1200w, https:\/\/www.soralia.be\/wp-content\/uploads\/2026\/08\/TDISS-gigapixel-standard-v2-2x-faceai-v2-1536x864.jpeg 1536w\" sizes=\"(max-width: 715px) 100vw, 715px\" \/><br \/>\n<a title=\"https:\/\/mlff1.r.a.d.sendibm1.com\/mk\/cl\/f\/sh\/1t6Af4OiGsDhYHbmJTa0LLjey2SS6D\/7oVW8GIDrWUG\" href=\"https:\/\/mlff1.r.a.d.sendibm1.com\/mk\/cl\/f\/sh\/1t6Af4OiGsDhYHbmJTa0LLjey2SS6D\/7oVW8GIDrWUG\" target=\"_blank\" rel=\"noopener noreferrer\" type=\"absoluteLink\" data-auth=\"NotApplicable\" data-linkindex=\"12\"><u>Amazone<\/u><\/a>,\u00a0<a title=\"https:\/\/mlff1.r.a.d.sendibm1.com\/mk\/cl\/f\/sh\/1t6Af4OiGsE9szoChpfvVbnULrRBoH\/0OqnM3xkEb9U\" href=\"https:\/\/mlff1.r.a.d.sendibm1.com\/mk\/cl\/f\/sh\/1t6Af4OiGsE9szoChpfvVbnULrRBoH\/0OqnM3xkEb9U\" target=\"_blank\" rel=\"noopener noreferrer\" type=\"absoluteLink\" data-auth=\"NotApplicable\" data-linkindex=\"13\"><u>Samen Vrouw*<\/u><\/a>\u00a0et\u00a0<a title=\"https:\/\/mlff1.r.a.d.sendibm1.com\/mk\/cl\/f\/sh\/1t6Af4OiGsEcDi0d6BlqfrrJjgPvWL\/alQXa7cQu4WI\" href=\"https:\/\/mlff1.r.a.d.sendibm1.com\/mk\/cl\/f\/sh\/1t6Af4OiGsEcDi0d6BlqfrrJjgPvWL\/alQXa7cQu4WI\" target=\"_blank\" rel=\"noopener noreferrer\" type=\"absoluteLink\" data-auth=\"NotApplicable\" data-linkindex=\"14\"><u>Soralia Bruxelles<\/u><\/a> organisent une <strong>projection du film <em>\u201cThe Day Iceland Stood Still\u201d<\/em><\/strong>.\u00a0Ce documentaire raconte l\u2019histoire de la gr\u00e8ve embl\u00e9matique des femmes en Islande. Le 24 octobre 1975, plus de 90 % des femmes islandaises cessent le travail pour revendiquer davantage d\u2019\u00e9galit\u00e9. Cette gr\u00e8ve provoque une onde de choc \u00e0 travers tout le pays et paralyse compl\u00e8tement l\u2019Islande.<\/p>\n<p>La projection sera suivie d\u2019un jeu th\u00e9matique sur les droits des femmes, propos\u00e9 dans les deux langues (FR\/NL).<\/p>\n<p>Le film sera projet\u00e9 en anglais, sous-titr\u00e9 en n\u00e9erlandais et fran\u00e7ais.<\/p>\n<p>\ud83d\udcc5<strong>Mardi<\/strong><strong> 22 septembre 2026 de 19h \u00e0 21h30<br \/>\n<\/strong>\ud83d\udccdAmazone &#8211; Rue du M\u00e9ridien 10 \u00e0 1210 Saint-Josse-ten-Noode<br \/>\n<span data-olk-copy-source=\"MessageBody\">\ud83d\udcb6G<\/span>ratuit<br \/>\n\u2139\ufe0fInscription obligatoire via le site internet d&rsquo;Amazone: <a href=\"https:\/\/www.amazone.be\/event\/projection-the-day-iceland-stood-still-amazone-solidaris-soralia\/\">&lsquo;The Day Iceland Stood Still&rsquo; &#8211; Projection du film + jeu | Filmvertoning + spel (Amazone, Samen Vrouw* &amp; Soralia) &#8211; Amazone asbl<\/a><\/p>\n<p>Une projection \u00e0 ne pas manquer! \ud83d\udcfd\ufe0f\ud83d\udc4c\ud83c\udffb<\/p>\n","protected":false},"excerpt":{"rendered":"<p>Amazone,\u00a0Samen Vrouw*\u00a0et\u00a0Soralia Bruxelles organisent une projection du film \u201cThe Day Iceland Stood Still\u201d.\u00a0Ce documentaire raconte l\u2019histoire de la gr\u00e8ve embl\u00e9matique des femmes en Islande. Le 24 octobre 1975, plus de 90 % des femmes islandaises cessent le travail pour revendiquer davantage d\u2019\u00e9galit\u00e9. Cette gr\u00e8ve provoque une onde de choc \u00e0  [&#8230;]<\/p>\n","protected":false},"author":23,"featured_media":0,"template":"","meta":{"_tribe_events_status":"","_tribe_events_status_reason":"","_tribe_events_is_hybrid":"","_tribe_events_is_virtual":"","_tribe_events_virtual_video_source":"","_tribe_events_virtual_embed_video":"","_tribe_events_virtual_linked_button_text":"","_tribe_events_virtual_linked_button":"","_tribe_events_virtual_show_embed_at":"","_tribe_events_virtual_show_embed_to":[],"_tribe_events_virtual_show_on_event":"","_tribe_events_virtual_show_on_views":"","_tribe_events_virtual_url":"","footnotes":""},"tags":[],"tribe_events_cat":[78,774,775,166,780,86,84,755,756,50,89,759,761],"class_list":["post-24406","tribe_events","type-tribe_events","status-publish","hentry","tribe_events_cat-bruxelles","tribe_events_cat-cinema","tribe_events_cat-conferences-et-debats","tribe_events_cat-culture","tribe_events_cat-culture-et-sorties","tribe_events_cat-citoyennete","tribe_events_cat-egalite-femme-homme","tribe_events_cat-engages","tribe_events_cat-femmes","tribe_events_cat-general","tribe_events_cat-loisirs","tribe_events_cat-mardi","tribe_events_cat-soralia","cat_bruxelles","cat_cinema","cat_conferences-et-debats","cat_culture","cat_culture-et-sorties","cat_citoyennete","cat_egalite-femme-homme","cat_engages","cat_femmes","cat_general","cat_loisirs","cat_mardi","cat_soralia"],"_links":{"self":[{"href":"https:\/\/www.soralia.be\/accueil\/wp-json\/wp\/v2\/tribe_events\/24406","targetHints":{"allow":["GET"]}}],"collection":[{"href":"https:\/\/www.soralia.be\/accueil\/wp-json\/wp\/v2\/tribe_events"}],"about":[{"href":"https:\/\/www.soralia.be\/accueil\/wp-json\/wp\/v2\/types\/tribe_events"}],"author":[{"embeddable":true,"href":"https:\/\/www.soralia.be\/accueil\/wp-json\/wp\/v2\/users\/23"}],"version-history":[{"count":1,"href":"https:\/\/www.soralia.be\/accueil\/wp-json\/wp\/v2\/tribe_events\/24406\/revisions"}],"predecessor-version":[{"id":24408,"href":"https:\/\/www.soralia.be\/accueil\/wp-json\/wp\/v2\/tribe_events\/24406\/revisions\/24408"}],"wp:attachment":[{"href":"https:\/\/www.soralia.be\/accueil\/wp-json\/wp\/v2\/media?parent=24406"}],"wp:term":[{"taxonomy":"post_tag","embeddable":true,"href":"https:\/\/www.soralia.be\/accueil\/wp-json\/wp\/v2\/tags?post=24406"},{"taxonomy":"tribe_events_cat","embeddable":true,"href":"https:\/\/www.soralia.be\/accueil\/wp-json\/wp\/v2\/tribe_events_cat?post=24406"}],"curies":[{"name":"wp","href":"https:\/\/api.w.org\/{rel}","templated":true}]}}