{"id":24568,"date":"2026-09-04T11:36:44","date_gmt":"2026-09-04T09:36:44","guid":{"rendered":"https:\/\/www.soralia.be\/accueil\/event\/atelier-a-spa-repair-cafe\/"},"modified":"2026-09-04T11:36:45","modified_gmt":"2026-09-04T09:36:45","slug":"atelier-a-spa-repair-cafe","status":"publish","type":"tribe_events","link":"https:\/\/www.soralia.be\/accueil\/event\/atelier-a-spa-repair-cafe\/","title":{"rendered":"Atelier \u00e0 Spa : Repair Caf\u00e9"},"content":{"rendered":"<div class=\"fusion-fullwidth fullwidth-box fusion-builder-row-4 fusion-flex-container has-pattern-background has-mask-background nonhundred-percent-fullwidth non-hundred-percent-height-scrolling\" style=\"--awb-border-radius-top-left:0px;--awb-border-radius-top-right:0px;--awb-border-radius-bottom-right:0px;--awb-border-radius-bottom-left:0px;--awb-flex-wrap:wrap\">\n<div class=\"fusion-builder-row fusion-row fusion-flex-align-items-flex-start fusion-flex-content-wrap\" style=\"max-width:1248px;margin-left: calc(-4% \/ 2 );margin-right: calc(-4% \/ 2 )\">\n<div class=\"fusion-layout-column fusion_builder_column fusion-builder-column-4 fusion_builder_column_1_1 1_1 fusion-flex-column\" style=\"--awb-bg-size:cover;--awb-width-large:100%;--awb-margin-top-large:0px;--awb-spacing-right-large:1.92%;--awb-margin-bottom-large:20px;--awb-spacing-left-large:1.92%;--awb-width-medium:100%;--awb-order-medium:0;--awb-spacing-right-medium:1.92%;--awb-spacing-left-medium:1.92%;--awb-width-small:100%;--awb-order-small:0;--awb-spacing-right-small:1.92%;--awb-spacing-left-small:1.92%\">\n<div class=\"fusion-column-wrapper fusion-column-has-shadow fusion-flex-justify-content-flex-start fusion-content-layout-column\">\n<div class=\"fusion-title title fusion-title-5 fusion-sep-none fusion-title-text fusion-title-size-three\" style=\"--awb-margin-top-small:10px;--awb-margin-right-small:0px;--awb-margin-bottom-small:10px;--awb-margin-left-small:0px\">\n<h3 class=\"fusion-title-heading title-heading-left\" style=\"margin:0\">Et si vous lui donniez une seconde vie \u00e0 vos objets ?<\/h3>\n<\/div>\n<div class=\"fusion-text fusion-text-2\">\n<p>Dans une ambiance conviviale et collaborative, le Repair Caf\u00e9 vous invite \u00e0 apprendre, \u00e9changer et tenter de r\u00e9parer vos objets du quotidien avec l\u2019aide de b\u00e9n\u00e9voles exp\u00e9riment\u00e9s. Petit \u00e9lectrom\u00e9nager, informatique, couture ou petits d\u00e9pannages : chacun peut venir avec un objet \u00e0 r\u00e9parer, une question ou simplement l\u2019envie de d\u00e9couvrir. Plus qu\u2019un atelier pratique, c\u2019est aussi un moment de partage autour de la r\u00e9cup\u00e9ration, de la r\u00e9utilisation et de modes de consommation plus durables, port\u00e9 par une \u00e9quipe de volontaires engag\u00e9s. Ouvert \u00e0 toutes et tous, le Repair Caf\u00e9 accueille \u00e9galement les personnes souhaitant s\u2019investir comme b\u00e9n\u00e9voles.<\/p>\n<\/div>\n<\/div>\n<\/div>\n<\/div>\n<\/div>\n<div class=\"fusion-fullwidth fullwidth-box fusion-builder-row-5 fusion-flex-container has-pattern-background has-mask-background nonhundred-percent-fullwidth non-hundred-percent-height-scrolling\" style=\"--awb-border-sizes-top:10px;--awb-border-sizes-left:20px;--awb-border-sizes-right:20px;--awb-border-color:var(--awb-color2);--awb-border-radius-top-left:15px;--awb-border-radius-top-right:15px;--awb-border-radius-bottom-right:0px;--awb-border-radius-bottom-left:0px;--awb-overflow:hidden;--awb-padding-top:10px;--awb-padding-right:20px;--awb-padding-bottom:10px;--awb-padding-left:20px;--awb-margin-bottom:50px;--awb-background-color:var(--awb-color2);--awb-flex-wrap:wrap\">\n<div class=\"fusion-builder-row fusion-row fusion-flex-align-items-flex-start fusion-flex-content-wrap\" style=\"max-width:1248px;margin-left: calc(-4% \/ 2 );margin-right: calc(-4% \/ 2 )\">\n<div class=\"fusion-layout-column fusion_builder_column fusion-builder-column-5 fusion_builder_column_1_1 1_1 fusion-flex-column\" style=\"--awb-bg-size:cover;--awb-width-large:100%;--awb-margin-top-large:0px;--awb-spacing-right-large:1.92%;--awb-margin-bottom-large:20px;--awb-spacing-left-large:1.92%;--awb-width-medium:100%;--awb-order-medium:0;--awb-spacing-right-medium:1.92%;--awb-spacing-left-medium:1.92%;--awb-width-small:100%;--awb-order-small:0;--awb-spacing-right-small:1.92%;--awb-spacing-left-small:1.92%\">\n<div class=\"fusion-column-wrapper fusion-column-has-shadow fusion-flex-justify-content-flex-start fusion-content-layout-column\">\n<div class=\"fusion-title title fusion-title-6 fusion-sep-none fusion-title-text fusion-title-size-two\" style=\"--awb-margin-top-small:10px;--awb-margin-right-small:0px;--awb-margin-bottom-small:10px;--awb-margin-left-small:0px\">\n<h2 class=\"fusion-title-heading title-heading-left\" style=\"margin:0\">Modalit\u00e9s<\/p>\n<hr \/>\n<\/h2>\n<\/div>\n<ul style=\"--awb-margin-bottom:45px;--awb-line-height:27.2px;--awb-icon-width:27.2px;--awb-icon-height:27.2px;--awb-icon-margin:11.2px;--awb-content-margin:38.4px;--awb-circlecolor:var(--awb-color4);--awb-circle-yes-font-size:14.08px\" class=\"fusion-checklist fusion-checklist-2 fusion-checklist-default type-icons\">\n<li class=\"fusion-li-item\"><span class=\"icon-wrapper circle-yes\"><i class=\"fusion-li-icon fa-users fas\" aria-hidden=\"true\"><\/i><\/span>\n<div class=\"fusion-li-item-content\">\n<p><strong>Public<\/strong> : Tout public<\/p>\n<\/div>\n<\/li>\n<li class=\"fusion-li-item\"><span class=\"icon-wrapper circle-yes\"><i class=\"fusion-li-icon fa-map-marker-alt fas\" aria-hidden=\"true\"><\/i><\/span>\n<div class=\"fusion-li-item-content\">\n<p><strong>Lieu<\/strong> : Maison des Jeunes et de la Culture de Spa<br \/>\n(Rue Hanster 6, 4900 Spa)<\/p>\n<\/div>\n<\/li>\n<li class=\"fusion-li-item\"><span class=\"icon-wrapper circle-yes\"><i class=\"fusion-li-icon fa-calendar-alt fas\" aria-hidden=\"true\"><\/i><\/span>\n<div class=\"fusion-li-item-content\">\n<p><strong>Dates<\/strong> :<br \/>\n04\/10\/2026 \u2022 10h\u201313h<br \/>\n13\/12\/2026 \u2022 10h\u201313h<\/p>\n<\/div>\n<\/li>\n<li class=\"fusion-li-item\"><span class=\"icon-wrapper circle-yes\"><i class=\"fusion-li-icon fa-euro-sign fas\" aria-hidden=\"true\"><\/i><\/span>\n<div class=\"fusion-li-item-content\">\n<p><strong>Prix<\/strong> : Gratuit<\/p>\n<\/div>\n<\/li>\n<li class=\"fusion-li-item\"><span class=\"icon-wrapper circle-yes\"><i class=\"fusion-li-icon fa-home fas\" aria-hidden=\"true\"><\/i><\/span>\n<div class=\"fusion-li-item-content\">\n<p>Organis\u00e9 par le Groupe Local Soralia de Spa et <a href=\"https:\/\/www.activites-solidaris.be\/Associations\/soralia-verviers\/\"><b>Soralia Verviers<\/b><\/a><\/p>\n<\/div>\n<\/li>\n<\/ul>\n<\/div>\n<\/div>\n<div class=\"fusion-layout-column fusion_builder_column fusion-builder-column-6 fusion_builder_column_1_1 1_1 fusion-flex-column\" style=\"--awb-bg-size:cover;--awb-width-large:100%;--awb-margin-top-large:0px;--awb-spacing-right-large:1.92%;--awb-margin-bottom-large:20px;--awb-spacing-left-large:1.92%;--awb-width-medium:100%;--awb-order-medium:0;--awb-spacing-right-medium:1.92%;--awb-spacing-left-medium:1.92%;--awb-width-small:100%;--awb-order-small:0;--awb-spacing-right-small:1.92%;--awb-spacing-left-small:1.92%\">\n<div class=\"fusion-column-wrapper fusion-column-has-shadow fusion-flex-justify-content-flex-start fusion-content-layout-column\">\n<div class=\"fusion-title title fusion-title-7 fusion-sep-none fusion-title-text fusion-title-size-two\" style=\"--awb-margin-top-small:10px;--awb-margin-right-small:0px;--awb-margin-bottom-small:10px;--awb-margin-left-small:0px\">\n<h2 class=\"fusion-title-heading title-heading-left\" style=\"margin:0\">\n<p>Inscriptions<\/p>\n<hr \/>\n<\/h2>\n<\/div>\n<div class=\"accordian fusion-accordian\" style=\"--awb-border-size:1px;--awb-icon-size:16px;--awb-content-font-size:var(--awb-typography4-font-size);--awb-icon-alignment:left;--awb-hover-color:var(--awb-color2);--awb-border-color:var(--awb-color3);--awb-background-color:var(--awb-color1);--awb-divider-color:var(--awb-color3);--awb-divider-hover-color:var(--awb-color3);--awb-icon-color:var(--awb-color1);--awb-title-color:var(--awb-color8);--awb-content-color:var(--awb-color8);--awb-icon-box-color:var(--awb-color6);--awb-toggle-hover-accent-color:var(--awb-color5);--awb-title-font-family:var(--awb-typography1-font-family);--awb-title-font-weight:var(--awb-typography1-font-weight);--awb-title-font-style:var(--awb-typography1-font-style);--awb-title-font-size:16px;--awb-title-letter-spacing:var(--awb-typography1-letter-spacing);--awb-title-line-height:var(--awb-typography1-line-height);--awb-content-font-family:var(--awb-typography4-font-family);--awb-content-font-weight:var(--awb-typography4-font-weight);--awb-content-font-style:var(--awb-typography4-font-style)\">\n<div class=\"panel-group fusion-toggle-icon-boxed\" id=\"accordion--2\">\n<div class=\"fusion-panel panel-default panel-e21df0c34f821db69 fusion-toggle-has-divider\" style=\"--awb-title-color:var(--awb-color6);--awb-content-color:var(--awb-color6)\">\n<div class=\"panel-heading\">\n<h4 class=\"panel-title toggle\" id=\"toggle_e21df0c34f821db69\"><a aria-expanded=\"false\" aria-controls=\"e21df0c34f821db69\" role=\"button\" data-toggle=\"collapse\" data-parent=\"#accordion--2\" data-target=\"#e21df0c34f821db69\" href=\"#e21df0c34f821db69\"><span class=\"fusion-toggle-icon-wrapper\" aria-hidden=\"true\"><i class=\"fa-fusion-box active-icon awb-icon-minus\" aria-hidden=\"true\"><\/i><i class=\"fa-fusion-box inactive-icon awb-icon-plus\" aria-hidden=\"true\"><\/i><\/span><span class=\"fusion-toggle-heading\">Cliquez ici pour vous inscrire<\/span><\/a><\/h4>\n<\/div>\n<div id=\"e21df0c34f821db69\" class=\"panel-collapse collapse \" aria-labelledby=\"toggle_e21df0c34f821db69\">\n<div class=\"panel-body toggle-content fusion-clearfix\">\n<p>1\/ Inscrivez vous aupr\u00e8s de Jacqueline Barzin :<br \/>\n0495 303 558<\/p>\n<p>2\/ Validez votre inscription<br \/>\nVotre inscription vous sera confirm\u00e9e par t\u00e9l\u00e9phone.<\/p>\n<\/div>\n<\/div>\n<\/div>\n<div class=\"fusion-panel panel-default panel-62066bcfea083ba9c fusion-toggle-has-divider\" style=\"--awb-title-color:var(--awb-color6);--awb-content-color:var(--awb-color6)\">\n<div class=\"panel-heading\">\n<h4 class=\"panel-title toggle\" id=\"toggle_62066bcfea083ba9c\"><a aria-expanded=\"false\" aria-controls=\"62066bcfea083ba9c\" role=\"button\" data-toggle=\"collapse\" data-parent=\"#accordion--2\" data-target=\"#62066bcfea083ba9c\" href=\"#62066bcfea083ba9c\"><span class=\"fusion-toggle-icon-wrapper\" aria-hidden=\"true\"><i class=\"fa-fusion-box active-icon awb-icon-minus\" aria-hidden=\"true\"><\/i><i class=\"fa-fusion-box inactive-icon awb-icon-plus\" aria-hidden=\"true\"><\/i><\/span><span class=\"fusion-toggle-heading\">Prenez connaissance des conditions g\u00e9n\u00e9rales<\/span><\/a><\/h4>\n<\/div>\n<div id=\"62066bcfea083ba9c\" class=\"panel-collapse collapse \" aria-labelledby=\"toggle_62066bcfea083ba9c\">\n<div class=\"panel-body toggle-content fusion-clearfix\">\n<div class=\"wpcf7 no-js\" id=\"wpcf7-f1652-o3\" lang=\"fr-FR\" dir=\"ltr\" data-wpcf7-id=\"1652\">\n<div class=\"screen-reader-response\">\n<p role=\"status\" aria-live=\"polite\">\n<ul><\/ul>\n<\/div>\n<fieldset class=\"hidden-fields-container\">\n<\/fieldset>\n<div style=\"height:25px\">\n<\/div>\n<div class=\"cf7-conditions\">\n<h2>Politique de confidentialit\u00e9<br \/>\n\t<\/h2>\n<p>En tant que responsable du traitement des donn\u00e9es, l&rsquo;association organisatrice de cette activit\u00e9 collecte certaines donn\u00e9es \u00e0 caract\u00e8re personnel dans le cadre de votre inscription et de votre participation. Ces donn\u00e9es sont trait\u00e9es uniquement dans la mesure n\u00e9cessaire \u00e0 l&rsquo;organisation de l&rsquo;activit\u00e9, \u00e0 sa gestion administrative, au respect de ses obligations l\u00e9gales ainsi qu&rsquo;\u00e0 la s\u00e9curit\u00e9 des participant\u00b7e\u00b7s. Elles sont utilis\u00e9es exclusivement pour les finalit\u00e9s d\u00e9crites dans la pr\u00e9sente politique de confidentialit\u00e9.\n\t<\/p>\n<details>\n<summary><strong>1. Pourquoi vos donn\u00e9es sont-elles collect\u00e9es ?<\/strong><br \/>\n\t\t<\/summary>\n<p>Les donn\u00e9es que vous nous communiquez sont utilis\u00e9es uniquement afin de :\n\t\t<\/p>\n<p>&gt; g\u00e9rer votre inscription et votre participation \u00e0 l&rsquo;activit\u00e9 ;<br \/>\n&gt; vous contacter avant, pendant ou apr\u00e8s l&rsquo;activit\u00e9 si n\u00e9cessaire ;<br \/>\n&gt; assurer la s\u00e9curit\u00e9 et le bon d\u00e9roulement de l&rsquo;activit\u00e9 ;<br \/>\n&gt; g\u00e9rer les aspects administratifs, comptables et assurantiels ;<br \/>\n&gt; respecter les obligations l\u00e9gales auxquelles l&rsquo;association est soumise.\n\t\t<\/p>\n<\/details>\n<details>\n<summary><strong>2. Communication de vos donn\u00e9es<\/strong><br \/>\n\t\t<\/summary>\n<p>Vos donn\u00e9es personnelles ne sont jamais communiqu\u00e9es \u00e0 des tiers \u00e0 des fins commerciales.\n\t\t<\/p>\n<p>Elles peuvent toutefois \u00eatre transmises lorsque cela est n\u00e9cessaire :\n\t\t<\/p>\n<p>&gt; aux autorit\u00e9s publiques ou organismes subsidiants lorsque la r\u00e9glementation l&rsquo;impose ;<br \/>\n&gt; aux organismes assureurs dans le cadre de la couverture des activit\u00e9s ;<br \/>\n&gt; aux partenaires directement impliqu\u00e9s dans l&rsquo;organisation de l&rsquo;activit\u00e9, uniquement pour les informations strictement n\u00e9cessaires.\n\t\t<\/p>\n<p>Toute autre communication \u00e0 des tiers n\u00e9cessite votre consentement lorsqu&rsquo;il est requis par la l\u00e9gislation.\n\t\t<\/p>\n<\/details>\n<details>\n<summary><strong>3. Quelles donn\u00e9es sont trait\u00e9es ?<\/strong><br \/>\n\t\t<\/summary>\n<p>Selon la nature de l&rsquo;activit\u00e9, l&rsquo;association peut \u00eatre amen\u00e9e \u00e0 traiter :\n\t\t<\/p>\n<p>&gt; vos donn\u00e9es d&rsquo;identification (nom, pr\u00e9nom, adresse, t\u00e9l\u00e9phone, e-mail, date de naissance&#8230;) ;<br \/>\n&gt; les informations n\u00e9cessaires \u00e0 la gestion de votre inscription et de votre paiement ;<br \/>\n&gt; les informations utiles \u00e0 votre s\u00e9curit\u00e9 durant l&rsquo;activit\u00e9 (par exemple certaines donn\u00e9es m\u00e9dicales ou personnes \u00e0 contacter en cas d&rsquo;urgence).\n\t\t<\/p>\n<p>Les donn\u00e9es de sant\u00e9 \u00e9ventuellement demand\u00e9es sont limit\u00e9es aux informations strictement n\u00e9cessaires \u00e0 votre s\u00e9curit\u00e9 et \u00e0 votre accompagnement pendant l&rsquo;activit\u00e9.\n\t\t<\/p>\n<\/details>\n<details>\n<summary><strong>4. Qui peut acc\u00e9der \u00e0 vos donn\u00e9es ?<\/strong><br \/>\n\t\t<\/summary>\n<p>Seules les personnes qui en ont besoin dans le cadre de leurs missions peuvent acc\u00e9der \u00e0 vos donn\u00e9es : membres du personnel, volontaires ou prestataires mandat\u00e9s par l&rsquo;association.\n\t\t<\/p>\n<p>Toutes ces personnes sont tenues \u00e0 une obligation de confidentialit\u00e9.\n\t\t<\/p>\n<\/details>\n<details>\n<summary><strong>5. Combien de temps vos donn\u00e9es sont-elles conserv\u00e9es ?<\/strong><br \/>\n\t\t<\/summary>\n<p>Vos donn\u00e9es sont conserv\u00e9es uniquement pendant la dur\u00e9e n\u00e9cessaire :\n\t\t<\/p>\n<p>&gt; \u00e0 l&rsquo;organisation et au suivi de l&rsquo;activit\u00e9 ;<br \/>\n&gt; au respect des obligations l\u00e9gales, comptables ou administratives ;<br \/>\n&gt; aux \u00e9ventuels contr\u00f4les des pouvoirs subsidiants.\n\t\t<\/p>\n<p>Les donn\u00e9es m\u00e9dicales sont conserv\u00e9es uniquement pendant la dur\u00e9e n\u00e9cessaire \u00e0 l&rsquo;activit\u00e9 concern\u00e9e, sauf obligation l\u00e9gale contraire.\n\t\t<\/p>\n<\/details>\n<details>\n<summary><strong>6. Vos droits<\/strong><br \/>\n\t\t<\/summary>\n<p>Conform\u00e9ment au R\u00e8glement g\u00e9n\u00e9ral sur la protection des donn\u00e9es (RGPD), vous pouvez :\n\t\t<\/p>\n<p>&gt; consulter les donn\u00e9es vous concernant ;<br \/>\n&gt; demander leur rectification si elles sont inexactes ;<br \/>\n&gt; demander leur effacement lorsque cela est l\u00e9galement possible ;<br \/>\n&gt; demander la limitation ou vous opposer au traitement dans les cas pr\u00e9vus par la l\u00e9gislation ;<br \/>\n&gt; retirer votre consentement lorsque le traitement est fond\u00e9 sur celui-ci.\n\t\t<\/p>\n<p>Ces droits s&rsquo;exercent dans le respect des obligations l\u00e9gales auxquelles l&rsquo;association est soumise.\n\t\t<\/p>\n<\/details>\n<details>\n<summary><strong>7. Contact<\/strong><br \/>\n\t\t<\/summary>\n<p>Pour toute question relative au traitement de vos donn\u00e9es personnelles ou pour exercer vos droits, vous pouvez contacter le d\u00e9l\u00e9gu\u00e9 \u00e0 la protection des donn\u00e9es (DPO) : 300.privacy@solidaris.be \/ Place Saint-Jean 1-2, 1000 Bruxelles\n\t\t<\/p>\n<\/details>\n<details>\n<summary><strong>8. Autorit\u00e9 de contr\u00f4le<\/strong><br \/>\n\t\t<\/summary>\n<p>Si vous estimez que vos donn\u00e9es ne sont pas trait\u00e9es conform\u00e9ment \u00e0 la l\u00e9gislation, vous pouvez introduire une r\u00e9clamation aupr\u00e8s de l&rsquo;Autorit\u00e9 de protection des donn\u00e9es (APD).\n\t\t<\/p>\n<\/details>\n<\/div>\n<p style=\"display: none !important\" class=\"akismet-fields-container\" data-prefix=\"_wpcf7_ak_\"><label>&#916;<textarea name=\"_wpcf7_ak_hp_textarea\" cols=\"45\" rows=\"8\"><\/textarea><\/label><br \/>\ndocument.getElementById( \u00ab\u00a0ak_js_3\u00a0\u00bb ).setAttribute( \u00ab\u00a0value\u00a0\u00bb, ( new Date() ).getTime() );<\/p>\n<div class=\"fusion-alert alert custom alert-custom fusion-alert-center wpcf7-response-output awb-alert-native-link-color alert-dismissable awb-alert-close-boxed\" style=\"--awb-border-size:1px;--awb-border-top-left-radius:0px;--awb-border-top-right-radius:0px;--awb-border-bottom-left-radius:0px;--awb-border-bottom-right-radius:0px\" role=\"alert\">\n<div class=\"fusion-alert-content-wrapper\"><span class=\"fusion-alert-content\"><\/span><\/div>\n<p><button type=\"button\" class=\"close toggle-alert\" data-dismiss=\"alert\" aria-label=\"Close\">&times;<\/button><\/div>\n<\/div>\n<\/div>\n<\/div>\n<\/div>\n<\/div>\n<\/div>\n<\/div>\n<\/div>\n<\/div>\n<\/div>\n<div class=\"fusion-fullwidth fullwidth-box fusion-builder-row-6 fusion-flex-container has-pattern-background has-mask-background nonhundred-percent-fullwidth non-hundred-percent-height-scrolling\" style=\"--awb-border-sizes-top:10px;--awb-border-sizes-left:20px;--awb-border-sizes-right:20px;--awb-border-color:var(--awb-color2);--awb-border-radius-top-left:15px;--awb-border-radius-top-right:15px;--awb-border-radius-bottom-right:0px;--awb-border-radius-bottom-left:0px;--awb-overflow:hidden;--awb-padding-top:10px;--awb-padding-right:20px;--awb-padding-bottom:10px;--awb-padding-left:20px;--awb-margin-bottom:50px;--awb-background-color:var(--awb-color2);--awb-flex-wrap:wrap\">\n<div class=\"fusion-builder-row fusion-row fusion-flex-align-items-flex-start fusion-flex-content-wrap\" style=\"max-width:1248px;margin-left: calc(-4% \/ 2 );margin-right: calc(-4% \/ 2 )\">\n<div class=\"fusion-layout-column fusion_builder_column fusion-builder-column-7 fusion_builder_column_1_1 1_1 fusion-flex-column\" style=\"--awb-bg-size:cover;--awb-width-large:100%;--awb-margin-top-large:0px;--awb-spacing-right-large:1.92%;--awb-margin-bottom-large:20px;--awb-spacing-left-large:1.92%;--awb-width-medium:100%;--awb-order-medium:0;--awb-spacing-right-medium:1.92%;--awb-spacing-left-medium:1.92%;--awb-width-small:100%;--awb-order-small:0;--awb-spacing-right-small:1.92%;--awb-spacing-left-small:1.92%\">\n<div class=\"fusion-column-wrapper fusion-column-has-shadow fusion-flex-justify-content-flex-start fusion-content-layout-column\">\n<div class=\"fusion-title title fusion-title-8 fusion-sep-none fusion-title-text fusion-title-size-two\" style=\"--awb-margin-bottom:-20px;--awb-margin-top-small:10px;--awb-margin-right-small:0px;--awb-margin-bottom-small:10px;--awb-margin-left-small:0px\">\n<h2 class=\"fusion-title-heading title-heading-left\" style=\"margin:0\">\n<p>Contact<\/p>\n<hr \/>\n<\/h2>\n<\/div>\n<div class=\"wpcf7 no-js\" id=\"wpcf7-f1399-o4\" lang=\"fr-FR\" dir=\"ltr\" data-wpcf7-id=\"1399\">\n<div class=\"screen-reader-response\">\n<p role=\"status\" aria-live=\"polite\">\n<ul><\/ul>\n<\/div>\n<fieldset class=\"hidden-fields-container\">\n<\/fieldset>\n<h4><img decoding=\"async\" class=\"alignleft wp-image-1258\" src=\"https:\/\/www.activites-solidaris.be\/wp-content\/uploads\/2026\/05\/Soralia-Rouge-300x200.png\" alt=\"\" width=\"250\" height=\"167\" \/>Soralia Verviers<br \/>\n<\/h4>\n<p>Pont Saint-Laurent 16, 4800 Verviers<br \/>\n087 32 76 37 \u2022 <a href=\"mailto:soralia.verviers@solidaris.be\">soralia.verviers@solidaris.be<\/a><br \/>\n<a href=\"https:\/\/www.activites-solidaris.be\/Associations\/soralia-verviers\/\">D\u00e9couvrir d&rsquo;autres activit\u00e9s de Soralia Verviers<\/a><br \/>\n<a href=\"https:\/\/www.facebook.com\/soralia.verviers\">Retrouvez Soralia Verviers sur Facebook<\/a>\n<\/p>\n<p style=\"display: none !important\" class=\"akismet-fields-container\" data-prefix=\"_wpcf7_ak_\"><label>&#916;<textarea name=\"_wpcf7_ak_hp_textarea\" cols=\"45\" rows=\"8\"><\/textarea><\/label><br \/>\ndocument.getElementById( \u00ab\u00a0ak_js_4\u00a0\u00bb ).setAttribute( \u00ab\u00a0value\u00a0\u00bb, ( new Date() ).getTime() );<\/p>\n<div class=\"fusion-alert alert custom alert-custom fusion-alert-center wpcf7-response-output awb-alert-native-link-color alert-dismissable awb-alert-close-boxed\" style=\"--awb-border-size:1px;--awb-border-top-left-radius:0px;--awb-border-top-right-radius:0px;--awb-border-bottom-left-radius:0px;--awb-border-bottom-right-radius:0px\" role=\"alert\">\n<div class=\"fusion-alert-content-wrapper\"><span class=\"fusion-alert-content\"><\/span><\/div>\n<p><button type=\"button\" class=\"close toggle-alert\" data-dismiss=\"alert\" aria-label=\"Close\">&times;<\/button><\/div>\n<\/div>\n<\/div>\n<\/div>\n<\/div>\n<\/div>\n","protected":false},"excerpt":{"rendered":"<p>Tout public<\/p>\n","protected":false},"author":12,"featured_media":24571,"template":"","meta":{"_tribe_events_status":"","_tribe_events_status_reason":"","_tribe_events_is_hybrid":"","_tribe_events_is_virtual":"","_tribe_events_virtual_video_source":"","_tribe_events_virtual_embed_video":"","_tribe_events_virtual_linked_button_text":"","_tribe_events_virtual_linked_button":"","_tribe_events_virtual_show_embed_at":"","_tribe_events_virtual_show_embed_to":[],"_tribe_events_virtual_show_on_event":"","_tribe_events_virtual_show_on_views":"","_tribe_events_virtual_url":"","footnotes":""},"tags":[],"tribe_events_cat":[751,752,753,764,791,754,755,758,80,760,761,762,763],"class_list":["post-24568","tribe_events","type-tribe_events","status-publish","has-post-thumbnail","hentry","tribe_events_cat-adultes","tribe_events_cat-associations-de-liege","tribe_events_cat-ateliers","tribe_events_cat-ateliers-creatifs","tribe_events_cat-dimanche","tribe_events_cat-en-periode-scolaire","tribe_events_cat-engages","tribe_events_cat-jeunes-18-ans","tribe_events_cat-liege","tribe_events_cat-seniors","tribe_events_cat-soralia","tribe_events_cat-soralia-verviers","tribe_events_cat-spa","cat_adultes","cat_associations-de-liege","cat_ateliers","cat_ateliers-creatifs","cat_dimanche","cat_en-periode-scolaire","cat_engages","cat_jeunes-18-ans","cat_liege","cat_seniors","cat_soralia","cat_soralia-verviers","cat_spa"],"_links":{"self":[{"href":"https:\/\/www.soralia.be\/accueil\/wp-json\/wp\/v2\/tribe_events\/24568","targetHints":{"allow":["GET"]}}],"collection":[{"href":"https:\/\/www.soralia.be\/accueil\/wp-json\/wp\/v2\/tribe_events"}],"about":[{"href":"https:\/\/www.soralia.be\/accueil\/wp-json\/wp\/v2\/types\/tribe_events"}],"author":[{"embeddable":true,"href":"https:\/\/www.soralia.be\/accueil\/wp-json\/wp\/v2\/users\/12"}],"version-history":[{"count":1,"href":"https:\/\/www.soralia.be\/accueil\/wp-json\/wp\/v2\/tribe_events\/24568\/revisions"}],"predecessor-version":[{"id":24570,"href":"https:\/\/www.soralia.be\/accueil\/wp-json\/wp\/v2\/tribe_events\/24568\/revisions\/24570"}],"wp:featuredmedia":[{"embeddable":true,"href":"https:\/\/www.soralia.be\/accueil\/wp-json\/wp\/v2\/media\/24571"}],"wp:attachment":[{"href":"https:\/\/www.soralia.be\/accueil\/wp-json\/wp\/v2\/media?parent=24568"}],"wp:term":[{"taxonomy":"post_tag","embeddable":true,"href":"https:\/\/www.soralia.be\/accueil\/wp-json\/wp\/v2\/tags?post=24568"},{"taxonomy":"tribe_events_cat","embeddable":true,"href":"https:\/\/www.soralia.be\/accueil\/wp-json\/wp\/v2\/tribe_events_cat?post=24568"}],"curies":[{"name":"wp","href":"https:\/\/api.w.org\/{rel}","templated":true}]}}