{"id":3227,"date":"2017-05-04T10:51:46","date_gmt":"2017-05-04T08:51:46","guid":{"rendered":"http:\/\/www.soralia.be\/?post_type=tribe_events&#038;p=3227"},"modified":"2017-05-04T10:51:46","modified_gmt":"2017-05-04T08:51:46","slug":"journee-de-la-fibromyalgie-2","status":"publish","type":"tribe_events","link":"https:\/\/www.soralia.be\/accueil\/event\/journee-de-la-fibromyalgie-2\/","title":{"rendered":"Journ\u00e9e de la fibromyalgie"},"content":{"rendered":"<p style=\"text-align: justify\"><em>La fibromyalgie est une maladie chronique, caract\u00e9ris\u00e9e par une sensation de douleur g\u00e9n\u00e9rale diffuse ou de br\u00fblure de la t\u00eate aux pieds, avec un sentiment de fatigue profonde, sans l\u00e9sion. Cette maladie affecte 3% de la population\u00a0:<\/em><\/p>\n<ul style=\"text-align: justify\">\n<li><em>9 malades sur 10 sont des femmes<\/em><\/li>\n<li><em>principalement entre 35 et 45 ans<\/em><\/li>\n<li><em>touch\u00e9es en pleine p\u00e9riode professionnelle<\/em><\/li>\n<\/ul>\n<p style=\"text-align: justify\"><em>La Fibromyalgie est reconnue par l&rsquo;Organisation Mondiale de la Sant\u00e9 depuis 1992. L&rsquo;objectif de cette journ\u00e9e est de sensibiliser les gouvernements, les institutions et les m\u00e9dias sur la situation des personnes qui souffrent de ces maladies orphelines (c\u2019est \u00e0-dire, sans traitement, ni prise en charge, et incurable dans l&rsquo;\u00e9tat actuel des connaissances et des moyens).<\/em><\/p>\n<p style=\"text-align: justify\"><strong><em>\u00c0 cette occasion, le groupe \u00ab\u00a0Mots pour maux\u00a0\u00bb vous invite \u00e0 visiter son stand d\u2019informations situ\u00e9 dans le hall du CHU Tivoli. <\/em><\/strong><\/p>\n<p style=\"text-align: justify\"><strong><em>Nous proposerons \u00e9galement 2 ateliers\u00a0 de 13h \u00e0 15h\u00a0: \u00ab\u00a0Pleine conscience\u00a0\u00bb et \u00ab\u00a0Qi Gong\u00a0\u00bb<\/em><\/strong><\/p>\n<p style=\"text-align: justify\">\n<p style=\"text-align: justify\"><strong><em>Intervenantes\u00a0: G\u00e9raldine Dujardin et Leslie Lion, animatrices et Carine Delgambe, professeure de Qi Gong<br \/>\nRenseignements : 071\/507 820 \u2013 <\/em><\/strong><a href=\"mailto:fps.cs@solidaris.be\"><strong><em>fps.cs@solidaris.be<\/em><\/strong><\/a><\/p>\n","protected":false},"excerpt":{"rendered":"<p>La fibromyalgie est une maladie chronique, caract\u00e9ris\u00e9e par une sensation de douleur g\u00e9n\u00e9rale diffuse ou de br\u00fblure de la t\u00eate aux pieds, avec un sentiment de fatigue profonde, sans l\u00e9sion. Cette maladie affecte 3% de la population\u00a0: 9 malades sur 10 sont des femmes principalement entre 35 et 45 ans  [&#8230;]<\/p>\n","protected":false},"author":4,"featured_media":1072,"template":"","meta":{"_tribe_events_status":"","_tribe_events_status_reason":"","_tribe_events_is_hybrid":"","_tribe_events_is_virtual":"","_tribe_events_virtual_video_source":"","_tribe_events_virtual_embed_video":"","_tribe_events_virtual_linked_button_text":"","_tribe_events_virtual_linked_button":"","_tribe_events_virtual_show_embed_at":"","_tribe_events_virtual_show_embed_to":[],"_tribe_events_virtual_show_on_event":"","_tribe_events_virtual_show_on_views":"","_tribe_events_virtual_url":"","footnotes":""},"tags":[7],"tribe_events_cat":[79,76,85,77],"class_list":["post-3227","tribe_events","type-tribe_events","status-publish","has-post-thumbnail","hentry","tag-sante","tribe_events_cat-centre-soignies","tribe_events_cat-regional","tribe_events_cat-sante","tribe_events_cat-themes","cat_centre-soignies","cat_regional","cat_sante","cat_themes"],"_links":{"self":[{"href":"https:\/\/www.soralia.be\/accueil\/wp-json\/wp\/v2\/tribe_events\/3227","targetHints":{"allow":["GET"]}}],"collection":[{"href":"https:\/\/www.soralia.be\/accueil\/wp-json\/wp\/v2\/tribe_events"}],"about":[{"href":"https:\/\/www.soralia.be\/accueil\/wp-json\/wp\/v2\/types\/tribe_events"}],"author":[{"embeddable":true,"href":"https:\/\/www.soralia.be\/accueil\/wp-json\/wp\/v2\/users\/4"}],"version-history":[{"count":2,"href":"https:\/\/www.soralia.be\/accueil\/wp-json\/wp\/v2\/tribe_events\/3227\/revisions"}],"predecessor-version":[{"id":3229,"href":"https:\/\/www.soralia.be\/accueil\/wp-json\/wp\/v2\/tribe_events\/3227\/revisions\/3229"}],"wp:featuredmedia":[{"embeddable":true,"href":"https:\/\/www.soralia.be\/accueil\/wp-json\/wp\/v2\/media\/1072"}],"wp:attachment":[{"href":"https:\/\/www.soralia.be\/accueil\/wp-json\/wp\/v2\/media?parent=3227"}],"wp:term":[{"taxonomy":"post_tag","embeddable":true,"href":"https:\/\/www.soralia.be\/accueil\/wp-json\/wp\/v2\/tags?post=3227"},{"taxonomy":"tribe_events_cat","embeddable":true,"href":"https:\/\/www.soralia.be\/accueil\/wp-json\/wp\/v2\/tribe_events_cat?post=3227"}],"curies":[{"name":"wp","href":"https:\/\/api.w.org\/{rel}","templated":true}]}}