{"id":7961,"date":"2019-02-26T11:19:25","date_gmt":"2019-02-26T10:19:25","guid":{"rendered":"http:\/\/www.soralia.be\/?post_type=tribe_events&#038;p=7961"},"modified":"2019-02-26T11:22:57","modified_gmt":"2019-02-26T10:22:57","slug":"cine-potiche","status":"publish","type":"tribe_events","link":"https:\/\/www.soralia.be\/accueil\/event\/cine-potiche\/","title":{"rendered":"Cin\u00e9 : Potiche"},"content":{"rendered":"<h3>Com\u00e9die de m\u0153urs dont le\u00a0th\u00e8me principal est le sexisme.<\/h3>\n<hr \/>\n<p>1977. Dans la petite ville fictive de Sainte-Gudule, situ\u00e9e\u00a0dans le Nord, pr\u00e8s de Saint-Amand-les-Eaux, l\u2019usine de\u00a0parapluies Pujol-Michonneau est dirig\u00e9e par un patron\u00a0r\u00e9actionnaire et misogyne, Monsieur Pujol (Fabrice Luchini),\u00a0qui a \u00e9pous\u00e9 la fille Michonneau, Suzanne (Catherine\u00a0Deneuve). Cette derni\u00e8re, surnomm\u00e9e \u00ab la potiche \u00bb par sa\u00a0propre fille, supporte sans broncher le mauvais caract\u00e8re,\u00a0les vexations et les infid\u00e9lit\u00e9s de son mari, notamment la\u00a0relation qu\u2019il entretient avec sa secr\u00e9taire, Nad\u00e8ge (Karin\u00a0Viard). Pujol est exc\u00e9d\u00e9 par le climat social ex\u00e9crable qui\u00a0r\u00e8gne dans son usine. Le d\u00e9put\u00e9-maire communiste de la\u00a0ville, Maurice Babin (G\u00e9rard Depardieu) ne se prive pas de\u00a0souffler sur les braises. Un jour les ouvriers d\u00e9clenchent une\u00a0gr\u00e8ve sans pr\u00e9avis qui d\u00e9bouche sur la s\u00e9questration de\u00a0Pujol. Il fait une grave attaque cardiaque. Dans l\u2019attente de\u00a0son r\u00e9tablissement, sa potiche de femme d\u00e9cide, \u00e0 la\u00a0surprise g\u00e9n\u00e9rale, de prendre la direction de l\u2019entreprise\u2026\u00a0Et, ma foi, elle s\u2019en tire plut\u00f4t bien\u2026<\/p>\n<p>Film franco-belge de Fran\u00e7ois Ozon sorti en 2010. Adapt\u00e9\u00a0de la pi\u00e8ce de th\u00e9\u00e2tre homonyme de Pierre Barillet et Jean-Pierre Gr\u00e9dy. Avec Catherine Deneuve, G\u00e9rard Depardieu, Fabrice\u00a0Luchini, Karin Viard, Judith Godr\u00e8che, G\u00e9r\u00e9mie Renier.<\/p>\n<p>&nbsp;<\/p>\n<p>Voir aussi &gt;\u00a0<a href=\"https:\/\/associations-solidaris-liege.be\/evenements\/exposition-femmes-daffaire-celebres\/\">Exposition \u201cFemmes d\u2019affaire c\u00e9l\u00e8bres\u201d<\/a>\u00a0dans le hall de la\u00a0salle 2, visible jusqu\u2019au 15 mars.<\/p>\n<hr \/>\n<h1>Modalit\u00e9s<\/h1>\n<p><strong>Date<\/strong>\u00a0: 08\/03\/2019 \u00e0 19h<br \/>\n<strong>Lieu<\/strong>\u00a0: Centre Culturel d\u2019Amay<\/p>\n<p><strong>Prix<\/strong>\u00a0: 4 \u20ac<br \/>\nApr\u00e8s le film, soupe-papote.<\/p>\n<p><strong>Infos et r\u00e9servations<\/strong>\u00a0: 085\/31 24 46 \u2013\u00a0<a href=\"mailto:info@ccamay.be\">info@ccamay.be<\/a><\/p>\n","protected":false},"excerpt":{"rendered":"<p>Com\u00e9die de m\u0153urs dont le\u00a0th\u00e8me principal est le sexisme. 1977. Dans la petite ville fictive de Sainte-Gudule, situ\u00e9e\u00a0dans le Nord, pr\u00e8s de Saint-Amand-les-Eaux, l\u2019usine de\u00a0parapluies Pujol-Michonneau est dirig\u00e9e par un patron\u00a0r\u00e9actionnaire et misogyne, Monsieur Pujol (Fabrice Luchini),\u00a0qui a \u00e9pous\u00e9 la fille Michonneau, Suzanne (Catherine\u00a0Deneuve). Cette derni\u00e8re, surnomm\u00e9e \u00ab la potiche  [&#8230;]<\/p>\n","protected":false},"author":12,"featured_media":1073,"template":"","meta":{"_tribe_events_status":"","_tribe_events_status_reason":"","_tribe_events_is_hybrid":"","_tribe_events_is_virtual":"","_tribe_events_virtual_video_source":"","_tribe_events_virtual_embed_video":"","_tribe_events_virtual_linked_button_text":"","_tribe_events_virtual_linked_button":"","_tribe_events_virtual_show_embed_at":"","_tribe_events_virtual_show_embed_to":[],"_tribe_events_virtual_show_on_event":"","_tribe_events_virtual_show_on_views":"","_tribe_events_virtual_url":"","footnotes":""},"tags":[151,75],"tribe_events_cat":[166,84,80,89],"class_list":["post-7961","tribe_events","type-tribe_events","status-publish","has-post-thumbnail","hentry","tag-culture","tag-loisirs","tribe_events_cat-culture","tribe_events_cat-egalite-femme-homme","tribe_events_cat-liege","tribe_events_cat-loisirs","cat_culture","cat_egalite-femme-homme","cat_liege","cat_loisirs"],"_links":{"self":[{"href":"https:\/\/www.soralia.be\/accueil\/wp-json\/wp\/v2\/tribe_events\/7961","targetHints":{"allow":["GET"]}}],"collection":[{"href":"https:\/\/www.soralia.be\/accueil\/wp-json\/wp\/v2\/tribe_events"}],"about":[{"href":"https:\/\/www.soralia.be\/accueil\/wp-json\/wp\/v2\/types\/tribe_events"}],"author":[{"embeddable":true,"href":"https:\/\/www.soralia.be\/accueil\/wp-json\/wp\/v2\/users\/12"}],"version-history":[{"count":2,"href":"https:\/\/www.soralia.be\/accueil\/wp-json\/wp\/v2\/tribe_events\/7961\/revisions"}],"predecessor-version":[{"id":7963,"href":"https:\/\/www.soralia.be\/accueil\/wp-json\/wp\/v2\/tribe_events\/7961\/revisions\/7963"}],"wp:featuredmedia":[{"embeddable":true,"href":"https:\/\/www.soralia.be\/accueil\/wp-json\/wp\/v2\/media\/1073"}],"wp:attachment":[{"href":"https:\/\/www.soralia.be\/accueil\/wp-json\/wp\/v2\/media?parent=7961"}],"wp:term":[{"taxonomy":"post_tag","embeddable":true,"href":"https:\/\/www.soralia.be\/accueil\/wp-json\/wp\/v2\/tags?post=7961"},{"taxonomy":"tribe_events_cat","embeddable":true,"href":"https:\/\/www.soralia.be\/accueil\/wp-json\/wp\/v2\/tribe_events_cat?post=7961"}],"curies":[{"name":"wp","href":"https:\/\/api.w.org\/{rel}","templated":true}]}}